{"id":45,"date":"2017-03-27T01:58:49","date_gmt":"2017-03-27T07:58:49","guid":{"rendered":"http:\/\/planbestudio.com.mx\/horacio\/?page_id=8"},"modified":"2017-08-02T23:10:01","modified_gmt":"2017-08-02T23:10:01","slug":"semblanza","status":"publish","type":"page","link":"http:\/\/horaciourbano.com\/home\/semblanza\/","title":{"rendered":"SEMBLANZA"},"content":{"rendered":"<p><img loading=\"lazy\" decoding=\"async\" class=\"size-medium wp-image-524 alignleft\" src=\"http:\/\/horaciourbano.com\/home\/wp-content\/uploads\/2017\/03\/horacio_urbano_foto_semblanza-300x245.jpg\" alt=\"\" width=\"300\" height=\"245\" \/><span style=\"color: #14ae8a;\">Horacio Urbano<\/span> es arquitecto con estudios realizados en M\u00e9xico y el extranjero sobre diferentes temas relacionados con el sector inmobiliario, arquitectura y desarrollo urbano.<\/p>\n<p>Cuenta con una trayectoria de m\u00e1s de 25 a\u00f1os en los diferentes temas que definen al sector vivienda, participando en una larga lista de proyectos relacionados con las diferentes etapas del desarrollo y financiamiento inmobiliario.<\/p>\n<p>En 1999 llev\u00f3 esta pasi\u00f3n a los medios de comunicaci\u00f3n, colaborando en diferentes plataformas y dirigiendo una serie de proyectos especializados en el sector inmobiliario.<\/p>\n<p>Es autor de varios libros y columnista en diferentes medios en M\u00e9xico y el extranjero, destacando Centro Urbano, El Economista, Capital M\u00e9xico, SDP Noticias y El Pa\u00eds. Ha sido tambi\u00e9n titular en diferentes proyectos en radio y televisi\u00f3n.<\/p>\n<p>En el a\u00f1o 2004 fue cofundador de Centro Urbano, el Think Tank de mayor impacto en el sector inmobiliario nacional, que adem\u00e1s de participar activamente en diferentes proyectos del mismo, se complementa con una s\u00f3lida plataforma de medios especializados, con sitios web, revistas, peri\u00f3dicos, libros, eventos, y proyectos de Redes Sociales y Construcci\u00f3n de Comunidad.<\/p>\n<p>Centro Urbano desarrolla proyectos para diferentes instancias del sector inmobiliario y es organizador de algunos de los eventos m\u00e1s importantes del mismo, destacando particularmente la entrega anual del Premio Hombres y Mujeres de la Casa, as\u00ed como la misi\u00f3n de negocios M\u00e9xico, Destino de Inversi\u00f3n, que tiene como objetivo promover el sector inmobiliario mexicano en el mercado europeo.<\/p>\n<p>Como parte de su actividad profesional, ha sido activo conferencista en diferentes foros en M\u00e9xico y el extranjero.<\/p>\n<p>Durante m\u00e1s de 25 a\u00f1os, Horacio Urbano, Centro Urbano, los proyectos en que han colaborado y los eventos que han organizado, han sido referencias obligadas para los sectores en que participan.<\/p>\n<hr \/>\n<p><span style=\"color: #14ae8a;\">CONTACTO<\/span><br \/>\n<a href=\"mailto:contacto@centrourbano.com\">contacto@centrourbano.com<br \/>\n<\/a><a href=\"mailto:hurbano@centrourbano.com\">hurbano@centrourbano.com<br \/>\n<\/a><\/p>\n","protected":false},"excerpt":{"rendered":"<p>Horacio Urbano es arquitecto con estudios realizados en M\u00e9xico y el extranjero sobre diferentes temas relacionados con el sector inmobiliario, arquitectura y desarrollo urbano. Cuenta con una trayectoria de m\u00e1s de 25 a\u00f1os en los diferentes temas que definen al sector vivienda, participando en una larga lista de proyectos relacionados con las diferentes etapas del &hellip;<\/p>\n","protected":false},"author":1,"featured_media":0,"parent":0,"menu_order":0,"comment_status":"closed","ping_status":"closed","template":"","meta":{"footnotes":""},"class_list":["post-45","page","type-page","status-publish","hentry"],"_links":{"self":[{"href":"http:\/\/horaciourbano.com\/home\/wp-json\/wp\/v2\/pages\/45","targetHints":{"allow":["GET"]}}],"collection":[{"href":"http:\/\/horaciourbano.com\/home\/wp-json\/wp\/v2\/pages"}],"about":[{"href":"http:\/\/horaciourbano.com\/home\/wp-json\/wp\/v2\/types\/page"}],"author":[{"embeddable":true,"href":"http:\/\/horaciourbano.com\/home\/wp-json\/wp\/v2\/users\/1"}],"replies":[{"embeddable":true,"href":"http:\/\/horaciourbano.com\/home\/wp-json\/wp\/v2\/comments?post=45"}],"version-history":[{"count":2,"href":"http:\/\/horaciourbano.com\/home\/wp-json\/wp\/v2\/pages\/45\/revisions"}],"predecessor-version":[{"id":526,"href":"http:\/\/horaciourbano.com\/home\/wp-json\/wp\/v2\/pages\/45\/revisions\/526"}],"wp:attachment":[{"href":"http:\/\/horaciourbano.com\/home\/wp-json\/wp\/v2\/media?parent=45"}],"curies":[{"name":"wp","href":"https:\/\/api.w.org\/{rel}","templated":true}]}}